{"version":"1.0","provider_name":"Jadek &amp; Pensa","provider_url":"http:\/\/jadek-pensa.si\/de\/","title":"J&P Nachrichten im Bereich der Arbeitsmigrationen - Jadek &amp; Pensa","type":"rich","width":600,"height":338,"html":"<blockquote class=\"wp-embedded-content\" data-secret=\"DIfIK5wCMr\"><a href=\"http:\/\/jadek-pensa.si\/de\/jp-nachrichten-im-bereich-der-arbeitsmigrationen\/\">J&#038;P Nachrichten im Bereich der Arbeitsmigrationen<\/a><\/blockquote><iframe sandbox=\"allow-scripts\" security=\"restricted\" src=\"http:\/\/jadek-pensa.si\/de\/jp-nachrichten-im-bereich-der-arbeitsmigrationen\/embed\/#?secret=DIfIK5wCMr\" width=\"600\" height=\"338\" title=\"&#8222;J&#038;P Nachrichten im Bereich der Arbeitsmigrationen&#8220; &#8211; Jadek &amp; Pensa\" data-secret=\"DIfIK5wCMr\" frameborder=\"0\" marginwidth=\"0\" marginheight=\"0\" scrolling=\"no\" class=\"wp-embedded-content\"><\/iframe><script>\n\/*! This file is auto-generated *\/\n!function(d,l){\"use strict\";l.querySelector&&d.addEventListener&&\"undefined\"!=typeof URL&&(d.wp=d.wp||{},d.wp.receiveEmbedMessage||(d.wp.receiveEmbedMessage=function(e){var t=e.data;if((t||t.secret||t.message||t.value)&&!\/[^a-zA-Z0-9]\/.test(t.secret)){for(var s,r,n,a=l.querySelectorAll('iframe[data-secret=\"'+t.secret+'\"]'),o=l.querySelectorAll('blockquote[data-secret=\"'+t.secret+'\"]'),c=new RegExp(\"^https?:$\",\"i\"),i=0;i<o.length;i++)o[i].style.display=\"none\";for(i=0;i<a.length;i++)s=a[i],e.source===s.contentWindow&&(s.removeAttribute(\"style\"),\"height\"===t.message?(1e3<(r=parseInt(t.value,10))?r=1e3:~~r<200&&(r=200),s.height=r):\"link\"===t.message&&(r=new URL(s.getAttribute(\"src\")),n=new URL(t.value),c.test(n.protocol))&&n.host===r.host&&l.activeElement===s&&(d.top.location.href=t.value))}},d.addEventListener(\"message\",d.wp.receiveEmbedMessage,!1),l.addEventListener(\"DOMContentLoaded\",function(){for(var e,t,s=l.querySelectorAll(\"iframe.wp-embedded-content\"),r=0;r<s.length;r++)(t=(e=s[r]).getAttribute(\"data-secret\"))||(t=Math.random().toString(36).substring(2,12),e.src+=\"#?secret=\"+t,e.setAttribute(\"data-secret\",t)),e.contentWindow.postMessage({message:\"ready\",secret:t},\"*\")},!1)))}(window,document);\n\/\/# sourceURL=http:\/\/jadek-pensa.si\/wp-includes\/js\/wp-embed.min.js\n<\/script>\n","description":"Ab 1. 7. 2018 ganz ohne Beschr\u00e4nkungen des Zugangs zum Arbeitsmarkt f\u00fcr kroatische Arbeiter? Seit dem Beitritt Kroatiens zur Europ\u00e4ischen Union gilt f\u00fcr kroatische Staatsangeh\u00f6rige eine \u00dcbergangszeit im Bereich der Einstellung in Slowenien. Aufgrund eines besonderen Gesetzgebungsverfahrens, dessen G\u00fcltigkeit 2015 bis zum 1. 7. 2018 verl\u00e4ngert wurde, war der Zugang kroatischer Staatsangeh\u00f6rigen zum slowenischen Arbeitsmarkt","thumbnail_url":"http:\/\/jadek-pensa.si\/wp-content\/uploads\/2024\/12\/social-image-scaled.jpg","thumbnail_width":2560,"thumbnail_height":1440}